{"id":16737,"date":"2020-07-21T11:53:03","date_gmt":"2020-07-21T09:53:03","guid":{"rendered":"https:\/\/www.provins.net\/?page_id=16737"},"modified":"2025-03-06T11:55:03","modified_gmt":"2025-03-06T10:55:03","slug":"coming-to-provins-by-camper-van","status":"publish","type":"page","link":"https:\/\/provins.net\/en\/prepare-your-trip\/to-contact-and-to-reach-us\/coming-to-provins-by-camper-van\/","title":{"rendered":"Coming to Provins by camper van"},"content":{"rendered":"<div class=\"wpb-content-wrapper\"><p>[vc_row][vc_column][vc_column_text]<\/p>\n<h3 style=\"text-align: center;\">Where to park your motorhome in the medieval town of Provins and its surrounding area?<\/h3>\n<p>[\/vc_column_text][\/vc_column][\/vc_row][vc_row][vc_column][vc_single_image image=&#8221;16943&#8243; img_size=&#8221;medium&#8221; alignment=&#8221;center&#8221; css=&#8221;.vc_custom_1676894234536{background-color: #ffffff !important;}&#8221;][vc_empty_space height=&#8221;50&#8243;][vc_column_text]The Provins Tourist Office has a large parking with perfectly flat pitches specially for camper vans or motor home!<\/p>\n<p>To ensure everyone&#8217;s comfort and safety, traffic in the medieval town is regulated during the high season: only authorized vehicles are allowed access by municipal decree.<br \/>\n<strong>A measure to enjoy your visit in complete peace of mind<\/strong>![\/vc_column_text][vc_row_inner][vc_column_inner][vc_custom_heading text=&#8221;Notice to Visitors&#8221; font_container=&#8221;tag:h3|text_align:left&#8221; google_fonts=&#8221;font_family:Oswald%3A300%2Cregular%2C700|font_style:400%20regular%3A400%3Anormal&#8221; el_class=&#8221;souligne&#8221;][vc_empty_space height=&#8221;25&#8243;][vc_column_text]<strong>\u2022 In May &amp; June:<br \/>\n<\/strong>Since Provins is greatly prized by the school complexes (up to the first Friday of July), we advise the motorhome drivers to avoid arriving in Provins, at the parking near the Tourist Office, from 11 a.m. to 4 p.m. The coach park being more significant than usual.<\/p>\n<p><strong>\u2022 During the Medieval Festival of Provins (14 &amp; 15 June 2025 &#8211; subject to change):<br \/>\n<\/strong>The parking near the Tourist Office is exceptionally closed for the festival.<br \/>\nA free parking for campers will be at your disposal from Thursday before, until the end of the festival.<br \/>\nTo find this area, please follow the signs from the Tourist Office throw town (shower, WC, but no water and no electricity).<br \/>\nFor all visitors, free parkings and shuttles will be at your disposal. Remember the parking number to take back the right shuttle.<\/p>\n<p><strong>\u2022 For the funfair (the first three weeks of November &#8211; subject to change) :<br \/>\n<\/strong>Exceptionally and by municipal decree, the car park of the Villecran area, next to the Tourist Office, is reserved for fairground workers.<br \/>\nHere is a list of the main free car parks near the Tourist Office, where the team will be pleased to welcome you daily: rue du G\u00e9n\u00e9ral de Gaulle, car park rue du Bourg Neuf, place du Ch\u00e2tel, place Saint-Quiriace, rue du Palais, porte de Jouy.<\/p>\n<p><strong>\u2022 During the event &#8220;Christmas in Provins&#8221; (13 &amp; 14 December 2025 &#8211; subject to change) :<br \/>\n<\/strong>Placers will be mobilised to optimise parking, with the support of the Police Municipale.<br \/>\nThe Tourist Office car park will be open subject to availability.<br \/>\nPriority will be given to disabled people, troops and craftsmen.<br \/>\nYou could be redirected to the other car parks provided: flat car parks at the Tax Centre, located at 8 avenue Andr\u00e9 Malraux and on the Place du 29\u00e8 Dragons, located at Avenue Alain Peyrefitte.<br \/>\nOur advice:\u00a0<strong>download the full programme of events beforehand, including a map of the town <\/strong>(soon available and only in French).<\/p>\n<p>Thank you for your understanding![\/vc_column_text][vc_empty_space height=&#8221;50&#8243;][vc_custom_heading text=&#8221;Services and prices&#8221; font_container=&#8221;tag:h3|text_align:left&#8221; google_fonts=&#8221;font_family:Oswald%3A300%2Cregular%2C700|font_style:400%20regular%3A400%3Anormal&#8221; el_class=&#8221;souligne&#8221;][vc_empty_space height=&#8221;25&#8243;][vc_column_text]You will have at your disposal an area with <strong>two RV dump stations<\/strong><span style=\"font-size: 1rem;\">.<\/span><\/p>\n<p>This car park is paying every day from the first weekend of March to the All Saints&#8217; Day weekend, and exceptionally on municipal by-law.<br \/>\nIt is free the rest of the year.<\/p>\n<p><strong>Price:<\/strong><br \/>\n8 \u20ac per 24h, from the beginning of the parking time.<\/p>\n<p><em><strong>Parking is paid for in cash only, on arrival and at the municipal offices (cash dispensers nearby).<\/strong><\/em><br \/>\n<em><strong>Thank you for your understanding.<\/strong><\/em>[\/vc_column_text][\/vc_column_inner][\/vc_row_inner][vc_row_inner][vc_column_inner][vc_empty_space height=&#8221;25&#8243;][vc_gmaps link=&#8221;#E-8_JTNDaWZyYW1lJTIwc3JjJTNEJTIyaHR0cHMlM0ElMkYlMkZ3d3cuZ29vZ2xlLmNvbSUyRm1hcHMlMkZlbWJlZCUzRnBiJTNEJTIxMW0xOCUyMTFtMTIlMjExbTMlMjExZDI2NDAuNTU1ODI3MjY3MTI4NyUyMTJkMy4yNzg5NjgzNTA3ODMxNzUzJTIxM2Q0OC41NjA5MDIyMjk0NTk2NiUyMTJtMyUyMTFmMCUyMTJmMCUyMTNmMCUyMTNtMiUyMTFpMTAyNCUyMTJpNzY4JTIxNGYxMy4xJTIxM20zJTIxMW0yJTIxMXMweDQ3ZWYzMTA1ZGEyMWI0NDMlMjUzQTB4ZTZhYTg4NWViNmM1YWI3JTIxMnNUb3VyaXN0JTI1MjBPZmZpY2UlMjUyMG9mJTI1MjBQcm92aW5zJTIxNWUwJTIxM20yJTIxMXNlbiUyMTJzZnIlMjE0djE1OTY1NTk5MzM5MDIlMjE1bTIlMjExc2VuJTIxMnNmciUyMiUyMHdpZHRoJTNEJTIyNjAwJTIyJTIwaGVpZ2h0JTNEJTIyNDUwJTIyJTIwZnJhbWVib3JkZXIlM0QlMjIwJTIyJTIwc3R5bGUlM0QlMjJib3JkZXIlM0EwJTNCJTIyJTIwYWxsb3dmdWxsc2NyZWVuJTNEJTIyJTIyJTIwYXJpYS1oaWRkZW4lM0QlMjJmYWxzZSUyMiUyMHRhYmluZGV4JTNEJTIyMCUyMiUzRSUzQyUyRmlmcmFtZSUzRQ==&#8221;][vc_empty_space height=&#8221;100&#8243;][\/vc_column_inner][\/vc_row_inner][\/vc_column][\/vc_row]<\/p>\n<\/div>","protected":false},"excerpt":{"rendered":"<p>[vc_row][vc_column][vc_column_text] Where to park your motorhome in the medieval town of Provins and its surrounding area? [\/vc_column_text][\/vc_column][\/vc_row][vc_row][vc_column][vc_single_image image=&#8221;16943&#8243; img_size=&#8221;medium&#8221; alignment=&#8221;center&#8221; css=&#8221;.vc_custom_1676894234536{background-color: #ffffff !important;}&#8221;][vc_empty_space height=&#8221;50&#8243;][vc_column_text]The Provins Tourist Office has a large parking with perfectly flat pitches specially for camper vans or motor home! To ensure everyone&#8217;s comfort and safety, traffic in the medieval town is regulated &hellip; <\/p>\n<p class=\"link-more\"><a href=\"https:\/\/provins.net\/en\/prepare-your-trip\/to-contact-and-to-reach-us\/coming-to-provins-by-camper-van\/\" class=\"more-link\">Continue reading<span class=\"screen-reader-text\"> &#8220;Coming to Provins by camper van&#8221;<\/span><\/a><\/p>\n","protected":false},"author":3,"featured_media":0,"parent":17313,"menu_order":0,"comment_status":"closed","ping_status":"closed","template":"","meta":{"_acf_changed":false,"footnotes":""},"class_list":["post-16737","page","type-page","status-publish","hentry"],"acf":[],"yoast_head":"<!-- This site is optimized with the Yoast SEO plugin v27.4 - https:\/\/yoast.com\/product\/yoast-seo-wordpress\/ -->\n<title>Coming to Provins by camper van - Provins Tourisme, entre Bass\u00e9e, Montois et Provinois<\/title>\n<meta name=\"robots\" content=\"index, follow, max-snippet:-1, max-image-preview:large, max-video-preview:-1\" \/>\n<link rel=\"canonical\" href=\"https:\/\/provins.net\/en\/prepare-your-trip\/to-contact-and-to-reach-us\/coming-to-provins-by-camper-van\/\" \/>\n<meta property=\"og:locale\" content=\"en_US\" \/>\n<meta property=\"og:type\" content=\"article\" \/>\n<meta property=\"og:title\" content=\"Coming to Provins by camper van - Provins Tourisme, entre Bass\u00e9e, Montois et Provinois\" \/>\n<meta property=\"og:description\" content=\"[vc_row][vc_column][vc_column_text] Where to park your motorhome in the medieval town of Provins and its surrounding area? [\/vc_column_text][\/vc_column][\/vc_row][vc_row][vc_column][vc_single_image image=&#8221;16943&#8243; img_size=&#8221;medium&#8221; alignment=&#8221;center&#8221; css=&#8221;.vc_custom_1676894234536{background-color: #ffffff !important;}&#8221;][vc_empty_space height=&#8221;50&#8243;][vc_column_text]The Provins Tourist Office has a large parking with perfectly flat pitches specially for camper vans or motor home! To ensure everyone&#8217;s comfort and safety, traffic in the medieval town is regulated &hellip; Continue reading &quot;Coming to Provins by camper van&quot;\" \/>\n<meta property=\"og:url\" content=\"https:\/\/provins.net\/en\/prepare-your-trip\/to-contact-and-to-reach-us\/coming-to-provins-by-camper-van\/\" \/>\n<meta property=\"og:site_name\" content=\"Provins Tourisme, entre Bass\u00e9e, Montois et Provinois\" \/>\n<meta property=\"article:publisher\" content=\"https:\/\/www.facebook.com\/Cite.Medievale.de.Provins\" \/>\n<meta property=\"article:modified_time\" content=\"2025-03-06T10:55:03+00:00\" \/>\n<meta name=\"twitter:card\" content=\"summary_large_image\" \/>\n<meta name=\"twitter:site\" content=\"@provinsmedieval\" \/>\n<meta name=\"twitter:label1\" content=\"Est. reading time\" \/>\n\t<meta name=\"twitter:data1\" content=\"3 minutes\" \/>\n<script type=\"application\/ld+json\" class=\"yoast-schema-graph\">{\"@context\":\"https:\\\/\\\/schema.org\",\"@graph\":[{\"@type\":\"WebPage\",\"@id\":\"https:\\\/\\\/provins.net\\\/en\\\/prepare-your-trip\\\/to-contact-and-to-reach-us\\\/coming-to-provins-by-camper-van\\\/\",\"url\":\"https:\\\/\\\/provins.net\\\/en\\\/prepare-your-trip\\\/to-contact-and-to-reach-us\\\/coming-to-provins-by-camper-van\\\/\",\"name\":\"Coming to Provins by camper van - Provins Tourisme, entre Bass\u00e9e, Montois et Provinois\",\"isPartOf\":{\"@id\":\"https:\\\/\\\/provins.net\\\/#website\"},\"datePublished\":\"2020-07-21T09:53:03+00:00\",\"dateModified\":\"2025-03-06T10:55:03+00:00\",\"breadcrumb\":{\"@id\":\"https:\\\/\\\/provins.net\\\/en\\\/prepare-your-trip\\\/to-contact-and-to-reach-us\\\/coming-to-provins-by-camper-van\\\/#breadcrumb\"},\"inLanguage\":\"en-US\",\"potentialAction\":[{\"@type\":\"ReadAction\",\"target\":[\"https:\\\/\\\/provins.net\\\/en\\\/prepare-your-trip\\\/to-contact-and-to-reach-us\\\/coming-to-provins-by-camper-van\\\/\"]}]},{\"@type\":\"BreadcrumbList\",\"@id\":\"https:\\\/\\\/provins.net\\\/en\\\/prepare-your-trip\\\/to-contact-and-to-reach-us\\\/coming-to-provins-by-camper-van\\\/#breadcrumb\",\"itemListElement\":[{\"@type\":\"ListItem\",\"position\":1,\"name\":\"Accueil\",\"item\":\"https:\\\/\\\/provins.net\\\/en\\\/\"},{\"@type\":\"ListItem\",\"position\":2,\"name\":\"Prepare your trip\",\"item\":\"https:\\\/\\\/provins.net\\\/en\\\/prepare-your-trip\\\/\"},{\"@type\":\"ListItem\",\"position\":3,\"name\":\"To contact and to reach us\",\"item\":\"https:\\\/\\\/provins.net\\\/en\\\/prepare-your-trip\\\/to-contact-and-to-reach-us\\\/\"},{\"@type\":\"ListItem\",\"position\":4,\"name\":\"Coming to Provins by camper van\"}]},{\"@type\":\"WebSite\",\"@id\":\"https:\\\/\\\/provins.net\\\/#website\",\"url\":\"https:\\\/\\\/provins.net\\\/\",\"name\":\"Provins Tourisme, entre Bass\u00e9e, Montois et Morin\",\"description\":\"L&#039;Histoire se joue devant vous !\",\"publisher\":{\"@id\":\"https:\\\/\\\/provins.net\\\/#organization\"},\"potentialAction\":[{\"@type\":\"SearchAction\",\"target\":{\"@type\":\"EntryPoint\",\"urlTemplate\":\"https:\\\/\\\/provins.net\\\/?s={search_term_string}\"},\"query-input\":{\"@type\":\"PropertyValueSpecification\",\"valueRequired\":true,\"valueName\":\"search_term_string\"}}],\"inLanguage\":\"en-US\"},{\"@type\":\"Organization\",\"@id\":\"https:\\\/\\\/provins.net\\\/#organization\",\"name\":\"Office de Tourisme Provins\",\"url\":\"https:\\\/\\\/provins.net\\\/\",\"logo\":{\"@type\":\"ImageObject\",\"inLanguage\":\"en-US\",\"@id\":\"https:\\\/\\\/provins.net\\\/#\\\/schema\\\/logo\\\/image\\\/\",\"url\":\"https:\\\/\\\/provins.net\\\/wp-content\\\/uploads\\\/2018\\\/06\\\/logo-provins.jpg\",\"contentUrl\":\"https:\\\/\\\/provins.net\\\/wp-content\\\/uploads\\\/2018\\\/06\\\/logo-provins.jpg\",\"width\":140,\"height\":76,\"caption\":\"Office de Tourisme Provins\"},\"image\":{\"@id\":\"https:\\\/\\\/provins.net\\\/#\\\/schema\\\/logo\\\/image\\\/\"},\"sameAs\":[\"https:\\\/\\\/www.facebook.com\\\/Cite.Medievale.de.Provins\",\"https:\\\/\\\/x.com\\\/provinsmedieval\",\"https:\\\/\\\/www.instagram.com\\\/explore\\\/locations\\\/2329200\\\/cite-medievale-de-provins\\\/\",\"https:\\\/\\\/www.youtube.com\\\/channel\\\/UC1MU4-cvqf20wYSUteN2DKQ\"]}]}<\/script>\n<!-- \/ Yoast SEO plugin. -->","yoast_head_json":{"title":"Coming to Provins by camper van - Provins Tourisme, entre Bass\u00e9e, Montois et Provinois","robots":{"index":"index","follow":"follow","max-snippet":"max-snippet:-1","max-image-preview":"max-image-preview:large","max-video-preview":"max-video-preview:-1"},"canonical":"https:\/\/provins.net\/en\/prepare-your-trip\/to-contact-and-to-reach-us\/coming-to-provins-by-camper-van\/","og_locale":"en_US","og_type":"article","og_title":"Coming to Provins by camper van - Provins Tourisme, entre Bass\u00e9e, Montois et Provinois","og_description":"[vc_row][vc_column][vc_column_text] Where to park your motorhome in the medieval town of Provins and its surrounding area? [\/vc_column_text][\/vc_column][\/vc_row][vc_row][vc_column][vc_single_image image=&#8221;16943&#8243; img_size=&#8221;medium&#8221; alignment=&#8221;center&#8221; css=&#8221;.vc_custom_1676894234536{background-color: #ffffff !important;}&#8221;][vc_empty_space height=&#8221;50&#8243;][vc_column_text]The Provins Tourist Office has a large parking with perfectly flat pitches specially for camper vans or motor home! To ensure everyone&#8217;s comfort and safety, traffic in the medieval town is regulated &hellip; Continue reading \"Coming to Provins by camper van\"","og_url":"https:\/\/provins.net\/en\/prepare-your-trip\/to-contact-and-to-reach-us\/coming-to-provins-by-camper-van\/","og_site_name":"Provins Tourisme, entre Bass\u00e9e, Montois et Provinois","article_publisher":"https:\/\/www.facebook.com\/Cite.Medievale.de.Provins","article_modified_time":"2025-03-06T10:55:03+00:00","twitter_card":"summary_large_image","twitter_site":"@provinsmedieval","twitter_misc":{"Est. reading time":"3 minutes"},"schema":{"@context":"https:\/\/schema.org","@graph":[{"@type":"WebPage","@id":"https:\/\/provins.net\/en\/prepare-your-trip\/to-contact-and-to-reach-us\/coming-to-provins-by-camper-van\/","url":"https:\/\/provins.net\/en\/prepare-your-trip\/to-contact-and-to-reach-us\/coming-to-provins-by-camper-van\/","name":"Coming to Provins by camper van - Provins Tourisme, entre Bass\u00e9e, Montois et Provinois","isPartOf":{"@id":"https:\/\/provins.net\/#website"},"datePublished":"2020-07-21T09:53:03+00:00","dateModified":"2025-03-06T10:55:03+00:00","breadcrumb":{"@id":"https:\/\/provins.net\/en\/prepare-your-trip\/to-contact-and-to-reach-us\/coming-to-provins-by-camper-van\/#breadcrumb"},"inLanguage":"en-US","potentialAction":[{"@type":"ReadAction","target":["https:\/\/provins.net\/en\/prepare-your-trip\/to-contact-and-to-reach-us\/coming-to-provins-by-camper-van\/"]}]},{"@type":"BreadcrumbList","@id":"https:\/\/provins.net\/en\/prepare-your-trip\/to-contact-and-to-reach-us\/coming-to-provins-by-camper-van\/#breadcrumb","itemListElement":[{"@type":"ListItem","position":1,"name":"Accueil","item":"https:\/\/provins.net\/en\/"},{"@type":"ListItem","position":2,"name":"Prepare your trip","item":"https:\/\/provins.net\/en\/prepare-your-trip\/"},{"@type":"ListItem","position":3,"name":"To contact and to reach us","item":"https:\/\/provins.net\/en\/prepare-your-trip\/to-contact-and-to-reach-us\/"},{"@type":"ListItem","position":4,"name":"Coming to Provins by camper van"}]},{"@type":"WebSite","@id":"https:\/\/provins.net\/#website","url":"https:\/\/provins.net\/","name":"Provins Tourisme, entre Bass\u00e9e, Montois et Morin","description":"L&#039;Histoire se joue devant vous !","publisher":{"@id":"https:\/\/provins.net\/#organization"},"potentialAction":[{"@type":"SearchAction","target":{"@type":"EntryPoint","urlTemplate":"https:\/\/provins.net\/?s={search_term_string}"},"query-input":{"@type":"PropertyValueSpecification","valueRequired":true,"valueName":"search_term_string"}}],"inLanguage":"en-US"},{"@type":"Organization","@id":"https:\/\/provins.net\/#organization","name":"Office de Tourisme Provins","url":"https:\/\/provins.net\/","logo":{"@type":"ImageObject","inLanguage":"en-US","@id":"https:\/\/provins.net\/#\/schema\/logo\/image\/","url":"https:\/\/provins.net\/wp-content\/uploads\/2018\/06\/logo-provins.jpg","contentUrl":"https:\/\/provins.net\/wp-content\/uploads\/2018\/06\/logo-provins.jpg","width":140,"height":76,"caption":"Office de Tourisme Provins"},"image":{"@id":"https:\/\/provins.net\/#\/schema\/logo\/image\/"},"sameAs":["https:\/\/www.facebook.com\/Cite.Medievale.de.Provins","https:\/\/x.com\/provinsmedieval","https:\/\/www.instagram.com\/explore\/locations\/2329200\/cite-medievale-de-provins\/","https:\/\/www.youtube.com\/channel\/UC1MU4-cvqf20wYSUteN2DKQ"]}]}},"_links":{"self":[{"href":"https:\/\/provins.net\/en\/wp-json\/wp\/v2\/pages\/16737","targetHints":{"allow":["GET"]}}],"collection":[{"href":"https:\/\/provins.net\/en\/wp-json\/wp\/v2\/pages"}],"about":[{"href":"https:\/\/provins.net\/en\/wp-json\/wp\/v2\/types\/page"}],"author":[{"embeddable":true,"href":"https:\/\/provins.net\/en\/wp-json\/wp\/v2\/users\/3"}],"replies":[{"embeddable":true,"href":"https:\/\/provins.net\/en\/wp-json\/wp\/v2\/comments?post=16737"}],"version-history":[{"count":3,"href":"https:\/\/provins.net\/en\/wp-json\/wp\/v2\/pages\/16737\/revisions"}],"predecessor-version":[{"id":44134,"href":"https:\/\/provins.net\/en\/wp-json\/wp\/v2\/pages\/16737\/revisions\/44134"}],"up":[{"embeddable":true,"href":"https:\/\/provins.net\/en\/wp-json\/wp\/v2\/pages\/17313"}],"wp:attachment":[{"href":"https:\/\/provins.net\/en\/wp-json\/wp\/v2\/media?parent=16737"}],"curies":[{"name":"wp","href":"https:\/\/api.w.org\/{rel}","templated":true}]}}