{"id":22952,"date":"2021-06-15T15:09:43","date_gmt":"2021-06-15T13:09:43","guid":{"rendered":"https:\/\/www.provins.net\/leisure-activities\/hiking-around-provins\/randonnee-le-chemin-de-saint-edme\/"},"modified":"2023-03-17T12:42:48","modified_gmt":"2023-03-17T11:42:48","slug":"hiking-chemin-de-saint-edme","status":"publish","type":"page","link":"https:\/\/provins.net\/en\/leisure-activities\/hiking-around-provins\/hiking-chemin-de-saint-edme\/","title":{"rendered":"Hiking Chemin de Saint-Edme"},"content":{"rendered":"<div class=\"wpb-content-wrapper\"><p>[vc_row][vc_column][vc_single_image image=&#8221;6843&#8243; img_size=&#8221;medium&#8221; alignment=&#8221;center&#8221;][vc_empty_space height=&#8221;50&#8243;][\/vc_column][\/vc_row][vc_row css=&#8221;.vc_custom_1623399491146{background-color: #c2d668 !important;border-radius: 3px !important;}&#8221;][vc_column][vc_empty_space height=&#8221;40px&#8221;][vc_column_text el_class=&#8221;accroche&#8221; css=&#8221;.vc_custom_1628002331348{border-top-width: 1px !important;border-right-width: 1px !important;border-bottom-width: 1px !important;border-left-width: 1px !important;background-color: #c2d668 !important;border-radius: 3px !important;}&#8221;]<\/p>\n<h1 style=\"text-align: center;\"><strong><span style=\"color: #ffffff;\">Hiking<\/span><\/strong><\/h1>\n<p>[\/vc_column_text][\/vc_column][\/vc_row][vc_row css=&#8221;.vc_custom_1623401808623{background-color: #004e88 !important;border-radius: 3px !important;}&#8221;][vc_column][vc_empty_space height=&#8221;25&#8243;][vc_column_text el_class=&#8221;accroche&#8221; css=&#8221;.vc_custom_1628002361109{border-top-width: 1px !important;border-right-width: 1px !important;border-bottom-width: 1px !important;border-left-width: 1px !important;background-color: #004e88 !important;border-radius: 3px !important;}&#8221;]<\/p>\n<h1 style=\"text-align: center;\"><strong><span style=\"color: #ffffff;\">in the Provinois, the Bass\u00e9e-Montois, and the Valleys of the 2 Morin<\/span><\/strong><\/h1>\n<p>[\/vc_column_text][\/vc_column][\/vc_row][vc_row][vc_column][vc_empty_space height=&#8221;40&#8243;][\/vc_column][\/vc_row][vc_row gap=&#8221;5&#8243; full_height=&#8221;yes&#8221; equal_height=&#8221;yes&#8221;][vc_column width=&#8221;1\/3&#8243;][vc_single_image image=&#8221;23342&#8243; img_size=&#8221;full&#8221; alignment=&#8221;center&#8221; onclick=&#8221;custom_link&#8221; img_link_target=&#8221;_blank&#8221; link=&#8221;https:\/\/www.provins.net\/wp-content\/uploads\/2021\/08\/CR-hiking-PROVINOIS-chemin-de-st-edme.pdf&#8221;][\/vc_column][vc_column width=&#8221;2\/3&#8243;][vc_column_text el_class=&#8221;btntxt&#8221;]<\/p>\n<h1 style=\"text-align: center;\"><strong>Chemin de Saint-Edme<\/strong><\/h1>\n<p>[\/vc_column_text][vc_column_text]<\/p>\n<hr \/>\n<p>[\/vc_column_text][vc_column_text]<\/p>\n<h3 style=\"text-align: center;\">This hike takes you through some varied scenery, passing by various heritage sites relating the history of Soisy-Bouy.<br \/>\nThe circuit alternates between woods and farmland, plateaus and valleys, with lovely vistas of the Seine valley and the surrounding villages. Exploring the washhouse, fountain, church, ch\u00e2teau and vestiges are all highlights of the hike.<\/h3>\n<p>[\/vc_column_text][vc_column_text]<\/p>\n<p style=\"text-align: center;\"><strong>Departure: Parking of the Mille-Club, Rue des Ecoles, 77650 Soisy\u2013Bouy.<\/strong><\/p>\n<p>[\/vc_column_text][vc_row_inner][vc_column_inner][vc_single_image image=&#8221;22004&#8243; img_size=&#8221;600&#215;355&#8243; alignment=&#8221;center&#8221;][\/vc_column_inner][\/vc_row_inner][\/vc_column][\/vc_row][vc_row][vc_column][vc_empty_space height=&#8221;32&#8243;][vc_separator color=&#8221;custom&#8221; style=&#8221;shadow&#8221; border_width=&#8221;4&#8243; accent_color=&#8221;#004e88&#8243;][\/vc_column][\/vc_row][vc_row content_placement=&#8221;middle&#8221;][vc_column width=&#8221;1\/2&#8243;][vc_cta h2=&#8221;&#8221; txt_align=&#8221;center&#8221; style=&#8221;3d&#8221; color=&#8221;white&#8221; add_button=&#8221;bottom&#8221; btn_title=&#8221;Download pdf file&#8221; btn_style=&#8221;custom&#8221; btn_custom_background=&#8221;#004e88&#8243; btn_custom_text=&#8221;#ffffff&#8221; btn_size=&#8221;lg&#8221; btn_align=&#8221;center&#8221; btn_link=&#8221;url:https%3A%2F%2Fwww.provins.net%2Fwp-content%2Fuploads%2F2021%2F08%2FCR-hiking-PROVINOIS-chemin-de-st-edme.pdf|target:_blank&#8221; css=&#8221;.vc_custom_1628002557072{border-top-width: 1px !important;border-right-width: 1px !important;border-bottom-width: 1px !important;border-left-width: 1px !important;border-left-color: #004e88 !important;border-left-style: inherit !important;border-right-color: #004e88 !important;border-right-style: inherit !important;border-top-color: #004e88 !important;border-top-style: inherit !important;border-bottom-color: #004e88 !important;border-bottom-style: inherit !important;border-radius: 3px !important;}&#8221;]<a href=\"https:\/\/www.provins.net\/wp-content\/uploads\/2021\/08\/CR-hiking-PROVINOIS-chemin-de-st-edme.pdf\" target=\"_blank\" rel=\"noopener\"><img loading=\"lazy\" decoding=\"async\" class=\"aligncenter wp-image-21976\" src=\"https:\/\/www.provins.net\/wp-content\/uploads\/2021\/06\/randonnee-fichier-pdf-provins-1.jpg\" alt=\"T\u00e9l\u00e9charger le fichier PDF des randonn\u00e9es \u00e0 Provins, dans le Provinos, le Bass\u00e9e-Montois et les Vall\u00e9es des 2 Morin\" width=\"80\" height=\"80\" srcset=\"https:\/\/provins.net\/wp-content\/uploads\/2021\/06\/randonnee-fichier-pdf-provins-1.jpg 150w, https:\/\/provins.net\/wp-content\/uploads\/2021\/06\/randonnee-fichier-pdf-provins-1-100x100.jpg 100w, https:\/\/provins.net\/wp-content\/uploads\/2021\/06\/randonnee-fichier-pdf-provins-1-24x24.jpg 24w, https:\/\/provins.net\/wp-content\/uploads\/2021\/06\/randonnee-fichier-pdf-provins-1-36x36.jpg 36w, https:\/\/provins.net\/wp-content\/uploads\/2021\/06\/randonnee-fichier-pdf-provins-1-48x48.jpg 48w\" sizes=\"auto, (max-width: 80px) 100vw, 80px\" \/><\/a>[\/vc_cta][\/vc_column][vc_column width=&#8221;1\/2&#8243;][vc_cta h2=&#8221;&#8221; txt_align=&#8221;center&#8221; style=&#8221;3d&#8221; color=&#8221;white&#8221; add_button=&#8221;bottom&#8221; btn_title=&#8221;Download gpx plot&#8221; btn_style=&#8221;custom&#8221; btn_custom_background=&#8221;#004e88&#8243; btn_custom_text=&#8221;#ffffff&#8221; btn_size=&#8221;lg&#8221; btn_align=&#8221;center&#8221; btn_link=&#8221;url:http%3A%2F%2Fwww.randonnee-77.com%2Fwp-content%2Fuploads%2F2018%2F09%2Fle-chemin-de-saint-edme.gpx|target:_blank&#8221; css=&#8221;.vc_custom_1628002578454{border-top-width: 1px !important;border-right-width: 1px !important;border-bottom-width: 1px !important;border-left-width: 1px !important;border-left-color: #004e88 !important;border-left-style: inherit !important;border-right-color: #004e88 !important;border-right-style: inherit !important;border-top-color: #004e88 !important;border-top-style: inherit !important;border-bottom-color: #004e88 !important;border-bottom-style: inherit !important;border-radius: 3px !important;}&#8221;]<a href=\"http:\/\/www.randonnee-77.com\/wp-content\/uploads\/2018\/09\/le-chemin-de-saint-edme.gpx\" target=\"_blank\" rel=\"noopener\"><img loading=\"lazy\" decoding=\"async\" class=\"aligncenter wp-image-21889\" src=\"https:\/\/www.provins.net\/wp-content\/uploads\/2021\/06\/randonnee-trace-gpx.jpg\" alt=\"T\u00e9l\u00e9charger le trac\u00e9 GPX des randonn\u00e9es \u00e0 Provins, dans le Provinos, le Bass\u00e9e-Montois et les Vall\u00e9es des 2 Morin\" width=\"80\" height=\"80\" srcset=\"https:\/\/provins.net\/wp-content\/uploads\/2021\/06\/randonnee-trace-gpx.jpg 150w, https:\/\/provins.net\/wp-content\/uploads\/2021\/06\/randonnee-trace-gpx-100x100.jpg 100w, https:\/\/provins.net\/wp-content\/uploads\/2021\/06\/randonnee-trace-gpx-24x24.jpg 24w, https:\/\/provins.net\/wp-content\/uploads\/2021\/06\/randonnee-trace-gpx-36x36.jpg 36w, https:\/\/provins.net\/wp-content\/uploads\/2021\/06\/randonnee-trace-gpx-48x48.jpg 48w\" sizes=\"auto, (max-width: 80px) 100vw, 80px\" \/><\/a>[\/vc_cta][\/vc_column][\/vc_row][vc_row][vc_column][vc_video link=&#8221;https:\/\/youtu.be\/P1Rf3HuZ2vE&#8221; el_aspect=&#8221;235&#8243; align=&#8221;center&#8221;][\/vc_column][\/vc_row][vc_row][vc_column][vc_empty_space height=&#8221;25&#8243;][vc_column_text]<\/p>\n<h4>You will also like&#8230;<\/h4>\n<p>[\/vc_column_text][vc_row_inner][vc_column_inner width=&#8221;1\/2&#8243;][vc_cta h2=&#8221;&#8221; css=&#8221;.vc_custom_1628002242188{background-color: rgba(181,169,153,0.5) !important;*background-color: rgb(181,169,153) !important;}&#8221;]<\/p>\n<h6 style=\"text-align: center;\"><a href=\"https:\/\/www.provins.net\/en\/leisure-activities\/hiking-around-provins\/hiking-three-churches-in-the-south-of-the-provins-region\/\" rel=\"noopener noreferrer\">Hiking<br \/>\nThree churches in the south of the Provins region<\/a><\/h6>\n<p><a href=\"https:\/\/www.provins.net\/en\/leisure-activities\/hiking-around-provins\/hiking-three-churches-in-the-south-of-the-provins-region\/\"><img loading=\"lazy\" decoding=\"async\" class=\"aligncenter wp-image-22015 size-medium\" src=\"https:\/\/www.provins.net\/wp-content\/uploads\/2021\/06\/randonnee-trois-eglises-sud-provinois-bassee-montois-provins-300x223.jpg\" alt=\"Trois \u00e9glises du sud Provinois, randonn\u00e9e p\u00e9destre dans le Bass\u00e9e-Montois, r\u00e9gion de Provins\" width=\"300\" height=\"223\" srcset=\"https:\/\/provins.net\/wp-content\/uploads\/2021\/06\/randonnee-trois-eglises-sud-provinois-bassee-montois-provins-300x223.jpg 300w, https:\/\/provins.net\/wp-content\/uploads\/2021\/06\/randonnee-trois-eglises-sud-provinois-bassee-montois-provins-768x571.jpg 768w, https:\/\/provins.net\/wp-content\/uploads\/2021\/06\/randonnee-trois-eglises-sud-provinois-bassee-montois-provins-24x18.jpg 24w, https:\/\/provins.net\/wp-content\/uploads\/2021\/06\/randonnee-trois-eglises-sud-provinois-bassee-montois-provins-36x27.jpg 36w, https:\/\/provins.net\/wp-content\/uploads\/2021\/06\/randonnee-trois-eglises-sud-provinois-bassee-montois-provins-48x36.jpg 48w, https:\/\/provins.net\/wp-content\/uploads\/2021\/06\/randonnee-trois-eglises-sud-provinois-bassee-montois-provins.jpg 888w\" sizes=\"auto, (max-width: 300px) 100vw, 300px\" \/><\/a>[\/vc_cta][\/vc_column_inner][vc_column_inner width=&#8221;1\/2&#8243;][vc_cta h2=&#8221;&#8221; css=&#8221;.vc_custom_1628002298498{background-color: rgba(181,169,153,0.5) !important;*background-color: rgb(181,169,153) !important;}&#8221;]<\/p>\n<h6 style=\"text-align: center;\"><a href=\"https:\/\/www.provins.net\/en\/leisure-activities\/hiking-around-provins\/hiking-following-the-lepers\/\" rel=\"noopener noreferrer\">Hiking<br \/>\nFollowing the lepers<\/a><\/h6>\n<p><a href=\"https:\/\/www.provins.net\/en\/leisure-activities\/hiking-around-provins\/hiking-following-the-lepers\/\"><img loading=\"lazy\" decoding=\"async\" class=\"aligncenter wp-image-22013 size-medium\" src=\"https:\/\/www.provins.net\/wp-content\/uploads\/2021\/06\/randonneeS-sur-les-pas-des-lepreux-provinois-provins-300x223.jpg\" alt=\"Sur les pas des l\u00e9preux, randonn\u00e9e p\u00e9destre dans le Provinois, r\u00e9gion de Provins\" width=\"300\" height=\"223\" srcset=\"https:\/\/provins.net\/wp-content\/uploads\/2021\/06\/randonneeS-sur-les-pas-des-lepreux-provinois-provins-300x223.jpg 300w, https:\/\/provins.net\/wp-content\/uploads\/2021\/06\/randonneeS-sur-les-pas-des-lepreux-provinois-provins-768x571.jpg 768w, https:\/\/provins.net\/wp-content\/uploads\/2021\/06\/randonneeS-sur-les-pas-des-lepreux-provinois-provins-24x18.jpg 24w, https:\/\/provins.net\/wp-content\/uploads\/2021\/06\/randonneeS-sur-les-pas-des-lepreux-provinois-provins-36x27.jpg 36w, https:\/\/provins.net\/wp-content\/uploads\/2021\/06\/randonneeS-sur-les-pas-des-lepreux-provinois-provins-48x36.jpg 48w, https:\/\/provins.net\/wp-content\/uploads\/2021\/06\/randonneeS-sur-les-pas-des-lepreux-provinois-provins.jpg 888w\" sizes=\"auto, (max-width: 300px) 100vw, 300px\" \/><\/a>[\/vc_cta][\/vc_column_inner][\/vc_row_inner][\/vc_column][\/vc_row]<\/p>\n<\/div>","protected":false},"excerpt":{"rendered":"<p>[vc_row][vc_column][vc_single_image image=&#8221;6843&#8243; img_size=&#8221;medium&#8221; alignment=&#8221;center&#8221;][vc_empty_space height=&#8221;50&#8243;][\/vc_column][\/vc_row][vc_row css=&#8221;.vc_custom_1623399491146{background-color: #c2d668 !important;border-radius: 3px !important;}&#8221;][vc_column][vc_empty_space height=&#8221;40px&#8221;][vc_column_text el_class=&#8221;accroche&#8221; css=&#8221;.vc_custom_1628002331348{border-top-width: 1px !important;border-right-width: 1px !important;border-bottom-width: 1px !important;border-left-width: 1px !important;background-color: #c2d668 !important;border-radius: 3px !important;}&#8221;] Hiking [\/vc_column_text][\/vc_column][\/vc_row][vc_row css=&#8221;.vc_custom_1623401808623{background-color: #004e88 !important;border-radius: 3px !important;}&#8221;][vc_column][vc_empty_space height=&#8221;25&#8243;][vc_column_text el_class=&#8221;accroche&#8221; css=&#8221;.vc_custom_1628002361109{border-top-width: 1px !important;border-right-width: 1px !important;border-bottom-width: 1px !important;border-left-width: 1px !important;background-color: #004e88 !important;border-radius: 3px !important;}&#8221;] in the Provinois, the Bass\u00e9e-Montois, and the Valleys &hellip; <\/p>\n<p class=\"link-more\"><a href=\"https:\/\/provins.net\/en\/leisure-activities\/hiking-around-provins\/hiking-chemin-de-saint-edme\/\" class=\"more-link\">Continue reading<span class=\"screen-reader-text\"> &#8220;Hiking Chemin de Saint-Edme&#8221;<\/span><\/a><\/p>\n","protected":false},"author":3,"featured_media":0,"parent":17213,"menu_order":0,"comment_status":"closed","ping_status":"closed","template":"","meta":{"_acf_changed":false,"footnotes":""},"class_list":["post-22952","page","type-page","status-publish","hentry"],"acf":[],"yoast_head":"<!-- This site is optimized with the Yoast SEO plugin v27.4 - https:\/\/yoast.com\/product\/yoast-seo-wordpress\/ -->\n<title>Hiking Chemin de Saint-Edme - Provins Tourisme, entre Bass\u00e9e, Montois et Provinois<\/title>\n<meta name=\"robots\" content=\"index, follow, max-snippet:-1, max-image-preview:large, max-video-preview:-1\" \/>\n<link rel=\"canonical\" href=\"https:\/\/provins.net\/en\/leisure-activities\/hiking-around-provins\/hiking-chemin-de-saint-edme\/\" \/>\n<meta property=\"og:locale\" content=\"en_US\" \/>\n<meta property=\"og:type\" content=\"article\" \/>\n<meta property=\"og:title\" content=\"Hiking Chemin de Saint-Edme - Provins Tourisme, entre Bass\u00e9e, Montois et Provinois\" \/>\n<meta property=\"og:description\" content=\"[vc_row][vc_column][vc_single_image image=&#8221;6843&#8243; img_size=&#8221;medium&#8221; alignment=&#8221;center&#8221;][vc_empty_space height=&#8221;50&#8243;][\/vc_column][\/vc_row][vc_row css=&#8221;.vc_custom_1623399491146{background-color: #c2d668 !important;border-radius: 3px !important;}&#8221;][vc_column][vc_empty_space height=&#8221;40px&#8221;][vc_column_text el_class=&#8221;accroche&#8221; css=&#8221;.vc_custom_1628002331348{border-top-width: 1px !important;border-right-width: 1px !important;border-bottom-width: 1px !important;border-left-width: 1px !important;background-color: #c2d668 !important;border-radius: 3px !important;}&#8221;] Hiking [\/vc_column_text][\/vc_column][\/vc_row][vc_row css=&#8221;.vc_custom_1623401808623{background-color: #004e88 !important;border-radius: 3px !important;}&#8221;][vc_column][vc_empty_space height=&#8221;25&#8243;][vc_column_text el_class=&#8221;accroche&#8221; css=&#8221;.vc_custom_1628002361109{border-top-width: 1px !important;border-right-width: 1px !important;border-bottom-width: 1px !important;border-left-width: 1px !important;background-color: #004e88 !important;border-radius: 3px !important;}&#8221;] in the Provinois, the Bass\u00e9e-Montois, and the Valleys &hellip; Continue reading &quot;Hiking Chemin de Saint-Edme&quot;\" \/>\n<meta property=\"og:url\" content=\"https:\/\/provins.net\/en\/leisure-activities\/hiking-around-provins\/hiking-chemin-de-saint-edme\/\" \/>\n<meta property=\"og:site_name\" content=\"Provins Tourisme, entre Bass\u00e9e, Montois et Provinois\" \/>\n<meta property=\"article:publisher\" content=\"https:\/\/www.facebook.com\/Cite.Medievale.de.Provins\" \/>\n<meta property=\"article:modified_time\" content=\"2023-03-17T11:42:48+00:00\" \/>\n<meta property=\"og:image\" content=\"https:\/\/www.provins.net\/wp-content\/uploads\/2021\/06\/randonnee-fichier-pdf-provins-1.jpg\" \/>\n<meta name=\"twitter:card\" content=\"summary_large_image\" \/>\n<meta name=\"twitter:site\" content=\"@provinsmedieval\" \/>\n<meta name=\"twitter:label1\" content=\"Est. reading time\" \/>\n\t<meta name=\"twitter:data1\" content=\"3 minutes\" \/>\n<script type=\"application\/ld+json\" class=\"yoast-schema-graph\">{\"@context\":\"https:\\\/\\\/schema.org\",\"@graph\":[{\"@type\":\"WebPage\",\"@id\":\"https:\\\/\\\/provins.net\\\/en\\\/leisure-activities\\\/hiking-around-provins\\\/hiking-chemin-de-saint-edme\\\/\",\"url\":\"https:\\\/\\\/provins.net\\\/en\\\/leisure-activities\\\/hiking-around-provins\\\/hiking-chemin-de-saint-edme\\\/\",\"name\":\"Hiking Chemin de Saint-Edme - Provins Tourisme, entre Bass\u00e9e, Montois et Provinois\",\"isPartOf\":{\"@id\":\"https:\\\/\\\/provins.net\\\/#website\"},\"primaryImageOfPage\":{\"@id\":\"https:\\\/\\\/provins.net\\\/en\\\/leisure-activities\\\/hiking-around-provins\\\/hiking-chemin-de-saint-edme\\\/#primaryimage\"},\"image\":{\"@id\":\"https:\\\/\\\/provins.net\\\/en\\\/leisure-activities\\\/hiking-around-provins\\\/hiking-chemin-de-saint-edme\\\/#primaryimage\"},\"thumbnailUrl\":\"https:\\\/\\\/www.provins.net\\\/wp-content\\\/uploads\\\/2021\\\/06\\\/randonnee-fichier-pdf-provins-1.jpg\",\"datePublished\":\"2021-06-15T13:09:43+00:00\",\"dateModified\":\"2023-03-17T11:42:48+00:00\",\"breadcrumb\":{\"@id\":\"https:\\\/\\\/provins.net\\\/en\\\/leisure-activities\\\/hiking-around-provins\\\/hiking-chemin-de-saint-edme\\\/#breadcrumb\"},\"inLanguage\":\"en-US\",\"potentialAction\":[{\"@type\":\"ReadAction\",\"target\":[\"https:\\\/\\\/provins.net\\\/en\\\/leisure-activities\\\/hiking-around-provins\\\/hiking-chemin-de-saint-edme\\\/\"]}]},{\"@type\":\"ImageObject\",\"inLanguage\":\"en-US\",\"@id\":\"https:\\\/\\\/provins.net\\\/en\\\/leisure-activities\\\/hiking-around-provins\\\/hiking-chemin-de-saint-edme\\\/#primaryimage\",\"url\":\"https:\\\/\\\/www.provins.net\\\/wp-content\\\/uploads\\\/2021\\\/06\\\/randonnee-fichier-pdf-provins-1.jpg\",\"contentUrl\":\"https:\\\/\\\/www.provins.net\\\/wp-content\\\/uploads\\\/2021\\\/06\\\/randonnee-fichier-pdf-provins-1.jpg\"},{\"@type\":\"BreadcrumbList\",\"@id\":\"https:\\\/\\\/provins.net\\\/en\\\/leisure-activities\\\/hiking-around-provins\\\/hiking-chemin-de-saint-edme\\\/#breadcrumb\",\"itemListElement\":[{\"@type\":\"ListItem\",\"position\":1,\"name\":\"Accueil\",\"item\":\"https:\\\/\\\/provins.net\\\/en\\\/\"},{\"@type\":\"ListItem\",\"position\":2,\"name\":\"Leisure activities\",\"item\":\"https:\\\/\\\/provins.net\\\/en\\\/leisure-activities\\\/\"},{\"@type\":\"ListItem\",\"position\":3,\"name\":\"Hiking around Provins\",\"item\":\"https:\\\/\\\/provins.net\\\/en\\\/leisure-activities\\\/hiking-around-provins\\\/\"},{\"@type\":\"ListItem\",\"position\":4,\"name\":\"Hiking Chemin de Saint-Edme\"}]},{\"@type\":\"WebSite\",\"@id\":\"https:\\\/\\\/provins.net\\\/#website\",\"url\":\"https:\\\/\\\/provins.net\\\/\",\"name\":\"Provins Tourisme, entre Bass\u00e9e, Montois et Morin\",\"description\":\"L&#039;Histoire se joue devant vous !\",\"publisher\":{\"@id\":\"https:\\\/\\\/provins.net\\\/#organization\"},\"potentialAction\":[{\"@type\":\"SearchAction\",\"target\":{\"@type\":\"EntryPoint\",\"urlTemplate\":\"https:\\\/\\\/provins.net\\\/?s={search_term_string}\"},\"query-input\":{\"@type\":\"PropertyValueSpecification\",\"valueRequired\":true,\"valueName\":\"search_term_string\"}}],\"inLanguage\":\"en-US\"},{\"@type\":\"Organization\",\"@id\":\"https:\\\/\\\/provins.net\\\/#organization\",\"name\":\"Office de Tourisme Provins\",\"url\":\"https:\\\/\\\/provins.net\\\/\",\"logo\":{\"@type\":\"ImageObject\",\"inLanguage\":\"en-US\",\"@id\":\"https:\\\/\\\/provins.net\\\/#\\\/schema\\\/logo\\\/image\\\/\",\"url\":\"https:\\\/\\\/provins.net\\\/wp-content\\\/uploads\\\/2018\\\/06\\\/logo-provins.jpg\",\"contentUrl\":\"https:\\\/\\\/provins.net\\\/wp-content\\\/uploads\\\/2018\\\/06\\\/logo-provins.jpg\",\"width\":140,\"height\":76,\"caption\":\"Office de Tourisme Provins\"},\"image\":{\"@id\":\"https:\\\/\\\/provins.net\\\/#\\\/schema\\\/logo\\\/image\\\/\"},\"sameAs\":[\"https:\\\/\\\/www.facebook.com\\\/Cite.Medievale.de.Provins\",\"https:\\\/\\\/x.com\\\/provinsmedieval\",\"https:\\\/\\\/www.instagram.com\\\/explore\\\/locations\\\/2329200\\\/cite-medievale-de-provins\\\/\",\"https:\\\/\\\/www.youtube.com\\\/channel\\\/UC1MU4-cvqf20wYSUteN2DKQ\"]}]}<\/script>\n<!-- \/ Yoast SEO plugin. -->","yoast_head_json":{"title":"Hiking Chemin de Saint-Edme - Provins Tourisme, entre Bass\u00e9e, Montois et Provinois","robots":{"index":"index","follow":"follow","max-snippet":"max-snippet:-1","max-image-preview":"max-image-preview:large","max-video-preview":"max-video-preview:-1"},"canonical":"https:\/\/provins.net\/en\/leisure-activities\/hiking-around-provins\/hiking-chemin-de-saint-edme\/","og_locale":"en_US","og_type":"article","og_title":"Hiking Chemin de Saint-Edme - Provins Tourisme, entre Bass\u00e9e, Montois et Provinois","og_description":"[vc_row][vc_column][vc_single_image image=&#8221;6843&#8243; img_size=&#8221;medium&#8221; alignment=&#8221;center&#8221;][vc_empty_space height=&#8221;50&#8243;][\/vc_column][\/vc_row][vc_row css=&#8221;.vc_custom_1623399491146{background-color: #c2d668 !important;border-radius: 3px !important;}&#8221;][vc_column][vc_empty_space height=&#8221;40px&#8221;][vc_column_text el_class=&#8221;accroche&#8221; css=&#8221;.vc_custom_1628002331348{border-top-width: 1px !important;border-right-width: 1px !important;border-bottom-width: 1px !important;border-left-width: 1px !important;background-color: #c2d668 !important;border-radius: 3px !important;}&#8221;] Hiking [\/vc_column_text][\/vc_column][\/vc_row][vc_row css=&#8221;.vc_custom_1623401808623{background-color: #004e88 !important;border-radius: 3px !important;}&#8221;][vc_column][vc_empty_space height=&#8221;25&#8243;][vc_column_text el_class=&#8221;accroche&#8221; css=&#8221;.vc_custom_1628002361109{border-top-width: 1px !important;border-right-width: 1px !important;border-bottom-width: 1px !important;border-left-width: 1px !important;background-color: #004e88 !important;border-radius: 3px !important;}&#8221;] in the Provinois, the Bass\u00e9e-Montois, and the Valleys &hellip; Continue reading \"Hiking Chemin de Saint-Edme\"","og_url":"https:\/\/provins.net\/en\/leisure-activities\/hiking-around-provins\/hiking-chemin-de-saint-edme\/","og_site_name":"Provins Tourisme, entre Bass\u00e9e, Montois et Provinois","article_publisher":"https:\/\/www.facebook.com\/Cite.Medievale.de.Provins","article_modified_time":"2023-03-17T11:42:48+00:00","og_image":[{"url":"https:\/\/www.provins.net\/wp-content\/uploads\/2021\/06\/randonnee-fichier-pdf-provins-1.jpg","type":"","width":"","height":""}],"twitter_card":"summary_large_image","twitter_site":"@provinsmedieval","twitter_misc":{"Est. reading time":"3 minutes"},"schema":{"@context":"https:\/\/schema.org","@graph":[{"@type":"WebPage","@id":"https:\/\/provins.net\/en\/leisure-activities\/hiking-around-provins\/hiking-chemin-de-saint-edme\/","url":"https:\/\/provins.net\/en\/leisure-activities\/hiking-around-provins\/hiking-chemin-de-saint-edme\/","name":"Hiking Chemin de Saint-Edme - Provins Tourisme, entre Bass\u00e9e, Montois et Provinois","isPartOf":{"@id":"https:\/\/provins.net\/#website"},"primaryImageOfPage":{"@id":"https:\/\/provins.net\/en\/leisure-activities\/hiking-around-provins\/hiking-chemin-de-saint-edme\/#primaryimage"},"image":{"@id":"https:\/\/provins.net\/en\/leisure-activities\/hiking-around-provins\/hiking-chemin-de-saint-edme\/#primaryimage"},"thumbnailUrl":"https:\/\/www.provins.net\/wp-content\/uploads\/2021\/06\/randonnee-fichier-pdf-provins-1.jpg","datePublished":"2021-06-15T13:09:43+00:00","dateModified":"2023-03-17T11:42:48+00:00","breadcrumb":{"@id":"https:\/\/provins.net\/en\/leisure-activities\/hiking-around-provins\/hiking-chemin-de-saint-edme\/#breadcrumb"},"inLanguage":"en-US","potentialAction":[{"@type":"ReadAction","target":["https:\/\/provins.net\/en\/leisure-activities\/hiking-around-provins\/hiking-chemin-de-saint-edme\/"]}]},{"@type":"ImageObject","inLanguage":"en-US","@id":"https:\/\/provins.net\/en\/leisure-activities\/hiking-around-provins\/hiking-chemin-de-saint-edme\/#primaryimage","url":"https:\/\/www.provins.net\/wp-content\/uploads\/2021\/06\/randonnee-fichier-pdf-provins-1.jpg","contentUrl":"https:\/\/www.provins.net\/wp-content\/uploads\/2021\/06\/randonnee-fichier-pdf-provins-1.jpg"},{"@type":"BreadcrumbList","@id":"https:\/\/provins.net\/en\/leisure-activities\/hiking-around-provins\/hiking-chemin-de-saint-edme\/#breadcrumb","itemListElement":[{"@type":"ListItem","position":1,"name":"Accueil","item":"https:\/\/provins.net\/en\/"},{"@type":"ListItem","position":2,"name":"Leisure activities","item":"https:\/\/provins.net\/en\/leisure-activities\/"},{"@type":"ListItem","position":3,"name":"Hiking around Provins","item":"https:\/\/provins.net\/en\/leisure-activities\/hiking-around-provins\/"},{"@type":"ListItem","position":4,"name":"Hiking Chemin de Saint-Edme"}]},{"@type":"WebSite","@id":"https:\/\/provins.net\/#website","url":"https:\/\/provins.net\/","name":"Provins Tourisme, entre Bass\u00e9e, Montois et Morin","description":"L&#039;Histoire se joue devant vous !","publisher":{"@id":"https:\/\/provins.net\/#organization"},"potentialAction":[{"@type":"SearchAction","target":{"@type":"EntryPoint","urlTemplate":"https:\/\/provins.net\/?s={search_term_string}"},"query-input":{"@type":"PropertyValueSpecification","valueRequired":true,"valueName":"search_term_string"}}],"inLanguage":"en-US"},{"@type":"Organization","@id":"https:\/\/provins.net\/#organization","name":"Office de Tourisme Provins","url":"https:\/\/provins.net\/","logo":{"@type":"ImageObject","inLanguage":"en-US","@id":"https:\/\/provins.net\/#\/schema\/logo\/image\/","url":"https:\/\/provins.net\/wp-content\/uploads\/2018\/06\/logo-provins.jpg","contentUrl":"https:\/\/provins.net\/wp-content\/uploads\/2018\/06\/logo-provins.jpg","width":140,"height":76,"caption":"Office de Tourisme Provins"},"image":{"@id":"https:\/\/provins.net\/#\/schema\/logo\/image\/"},"sameAs":["https:\/\/www.facebook.com\/Cite.Medievale.de.Provins","https:\/\/x.com\/provinsmedieval","https:\/\/www.instagram.com\/explore\/locations\/2329200\/cite-medievale-de-provins\/","https:\/\/www.youtube.com\/channel\/UC1MU4-cvqf20wYSUteN2DKQ"]}]}},"_links":{"self":[{"href":"https:\/\/provins.net\/en\/wp-json\/wp\/v2\/pages\/22952","targetHints":{"allow":["GET"]}}],"collection":[{"href":"https:\/\/provins.net\/en\/wp-json\/wp\/v2\/pages"}],"about":[{"href":"https:\/\/provins.net\/en\/wp-json\/wp\/v2\/types\/page"}],"author":[{"embeddable":true,"href":"https:\/\/provins.net\/en\/wp-json\/wp\/v2\/users\/3"}],"replies":[{"embeddable":true,"href":"https:\/\/provins.net\/en\/wp-json\/wp\/v2\/comments?post=22952"}],"version-history":[{"count":2,"href":"https:\/\/provins.net\/en\/wp-json\/wp\/v2\/pages\/22952\/revisions"}],"predecessor-version":[{"id":36691,"href":"https:\/\/provins.net\/en\/wp-json\/wp\/v2\/pages\/22952\/revisions\/36691"}],"up":[{"embeddable":true,"href":"https:\/\/provins.net\/en\/wp-json\/wp\/v2\/pages\/17213"}],"wp:attachment":[{"href":"https:\/\/provins.net\/en\/wp-json\/wp\/v2\/media?parent=22952"}],"curies":[{"name":"wp","href":"https:\/\/api.w.org\/{rel}","templated":true}]}}